{"version":"1.0","provider_name":"Christian de Portzamparc","provider_url":"https:\/\/www.2pcdp.com\/fr\/","author_name":"Christian De Portzamparc","author_url":"https:\/\/www.2pcdp.com\/fr\/news\/author\/c-rochant\/","title":"PARIS - Logements \u00e0 Bercy - Christian de Portzamparc","type":"rich","width":600,"height":338,"html":"<blockquote class=\"wp-embedded-content\" data-secret=\"oZevEFC5Ai\"><a href=\"https:\/\/www.2pcdp.com\/fr\/projects\/logements-bercy-2\/\">PARIS &#8211; Logements \u00e0&nbsp;Bercy<\/a><\/blockquote><iframe sandbox=\"allow-scripts\" security=\"restricted\" src=\"https:\/\/www.2pcdp.com\/fr\/projects\/logements-bercy-2\/embed\/#?secret=oZevEFC5Ai\" width=\"600\" height=\"338\" title=\"\u00ab\u00a0PARIS &#8211; Logements \u00e0&nbsp;Bercy\u00a0\u00bb &#8212; Christian de Portzamparc\" data-secret=\"oZevEFC5Ai\" frameborder=\"0\" marginwidth=\"0\" marginheight=\"0\" scrolling=\"no\" class=\"wp-embedded-content\"><\/iframe><script type=\"text\/javascript\">\n\/* <![CDATA[ *\/\n\/*! This file is auto-generated *\/\n!function(d,l){\"use strict\";l.querySelector&&d.addEventListener&&\"undefined\"!=typeof URL&&(d.wp=d.wp||{},d.wp.receiveEmbedMessage||(d.wp.receiveEmbedMessage=function(e){var t=e.data;if((t||t.secret||t.message||t.value)&&!\/[^a-zA-Z0-9]\/.test(t.secret)){for(var s,r,n,a=l.querySelectorAll('iframe[data-secret=\"'+t.secret+'\"]'),o=l.querySelectorAll('blockquote[data-secret=\"'+t.secret+'\"]'),c=new RegExp(\"^https?:$\",\"i\"),i=0;i<o.length;i++)o[i].style.display=\"none\";for(i=0;i<a.length;i++)s=a[i],e.source===s.contentWindow&&(s.removeAttribute(\"style\"),\"height\"===t.message?(1e3<(r=parseInt(t.value,10))?r=1e3:~~r<200&&(r=200),s.height=r):\"link\"===t.message&&(r=new URL(s.getAttribute(\"src\")),n=new URL(t.value),c.test(n.protocol))&&n.host===r.host&&l.activeElement===s&&(d.top.location.href=t.value))}},d.addEventListener(\"message\",d.wp.receiveEmbedMessage,!1),l.addEventListener(\"DOMContentLoaded\",function(){for(var e,t,s=l.querySelectorAll(\"iframe.wp-embedded-content\"),r=0;r<s.length;r++)(t=(e=s[r]).getAttribute(\"data-secret\"))||(t=Math.random().toString(36).substring(2,12),e.src+=\"#?secret=\"+t,e.setAttribute(\"data-secret\",t)),e.contentWindow.postMessage({message:\"ready\",secret:t},\"*\")},!1)))}(window,document);\n\/* ]]> *\/\n<\/script>\n","thumbnail_url":"https:\/\/www.2pcdp.com\/wp-content\/uploads\/2014\/06\/VIGNETTE-199104-BERCY_003_cACD.jpg","thumbnail_width":300,"thumbnail_height":190,"description":"Une \u00ab charte de base \u00bb, \u00e9labor\u00e9e par Jean-Pierre Buffi, portait sur un alignement d\u2019\u00eelots r\u00e9guliers le long du nouveau parc de Bercy, avec des hauteurs de balcons lin\u00e9aires et stables, \u00eelots aux cours int\u00e9rieures un peu ouvertes sur le parc et ferm\u00e9es sur la rue arri\u00e8re. Le projet sculpte les b\u00e2timents-objets afin d\u2019ouvrir au [&hellip;]"}